{"id":307,"date":"2018-08-20T13:21:20","date_gmt":"2018-08-20T11:21:20","guid":{"rendered":"https:\/\/fundacjapelnaciepla.org\/?page_id=307"},"modified":"2022-03-15T14:06:48","modified_gmt":"2022-03-15T13:06:48","slug":"","status":"publish","type":"page","link":"https:\/\/fundacjapelnaciepla.org\/polityka-prywatnosci\/","title":{"rendered":"","raw":""},"content":{"rendered":"","protected":false,"raw":""},"excerpt":{"rendered":"","protected":false,"raw":""},"author":3,"featured_media":0,"parent":0,"menu_order":3,"comment_status":"closed","ping_status":"closed","template":"","meta":{"_pl_post_content":"<span style=\"font-family: Times New Roman, serif;\"><span style=\"font-size: medium;\">Jako w\u0142a\u015bciciel serwisu https:\/\/fundacjapelnaciepla.org\/, Fundacja Pe\u0142na Ciep\u0142a dok\u0142ada wszelkich stara\u0144, by prywatno\u015b\u0107 u\u017cytkownik\u00f3w strony podczas korzystania z niej by\u0142a chroniona. Dowiedz si\u0119 w jaki spos\u00f3b chronimy Twoj\u0105 prywatno\u015b\u0107 oraz gdzie mo\u017cesz kierowa\u0107 swoje pytania i w\u0105tpliwo\u015bci w tej sprawie. Niniejsza polityka prywatno\u015bci pe\u0142ni funkcj\u0119 informacyjn\u0105 i jest dost\u0119pna dla ka\u017cdego u\u017cytkownika serwisu.<\/span><\/span>\r\n<h3 style=\"text-align: center;\"><b>Polityka prywatno\u015bci<\/b><\/h3>\r\n&nbsp;\r\n<h3 style=\"text-align: center;\"><b>Dane zbierane podczas korzystania z serwisu<\/b><\/h3>\r\n<span style=\"font-family: Times New Roman, serif;\"><span style=\"font-size: medium;\">Serwer oraz skrypty system\u00f3w statystycznych automatycznie zapisuj\u0105 dane o ka\u017cdej wizycie u\u017cytkownika, takie jak jego adres IP, nazwa domeny, typ przegl\u0105darki, typ systemu operacyjnego, itp. informacje te nie pozwalaj\u0105 na identyfikacj\u0119 to\u017csamo\u015bci u\u017cytkownika. Serwis wykorzystuje ciasteczka, kt\u00f3re pozwalaj\u0105 na anonimowe analizy zachowa\u0144 u\u017cytkownik\u00f3w w celu poprawienia serwisu internetowego. Cookies nie zawieraj\u0105 \u017cadnych danych osobowych i nie mog\u0105 zosta\u0107 u\u017cyte do zidentyfikowania to\u017csamo\u015bci u\u017cytkownika. U\u017cytkownicy, w ka\u017cdej chwili mog\u0105 usun\u0105\u0107 swoje dane z naszej bazy Analytics (narz\u0119dzia do analizy statystyk serwis\u00f3w internetowych) za pomoc\u0105 wtyczki https:\/\/tools.google.com\/dlpage\/gaoptout. <\/span><\/span>\r\n<h3 style=\"text-align: center;\"><b>Wykorzystanie danych do cel\u00f3w marketingowych<\/b><\/h3>\r\n<span style=\"font-family: Times New Roman, serif;\"><span style=\"font-size: medium;\">Zastrzegamy sobie prawo wysy\u0142ania informacji do u\u017cytkownik\u00f3w, kt\u00f3rzy kontaktowali si\u0119 z nami. Podmioty trzecie w \u017cadnym wypadku nie uzyskuj\u0105 dost\u0119pu do danych adresat\u00f3w. W ka\u017cdej chwili masz prawo dost\u0119pu do swoich danych oraz prawo \u017c\u0105dania ich poprawienia. W ka\u017cdej chwili mo\u017cesz te\u017c \u017c\u0105da\u0107 usuni\u0119cia swoich danych. Zgoda na przetwarzanie Twoich danych na cele marketingowe jest dobrowolna. Korzystamy z remarketingu, w celu wy\u015bwietlania u\u017cytkownikowi spersonalizowanych reklam oraz w celu zach\u0119cenia u\u017cytkownik\u00f3w do powrotu na nasz\u0105 stron\u0119 internetow\u0105. Zbieramy r\u00f3wnie\u017c informacj\u0119 o u\u017cytkownikach naszej strony, w celu korzystania z funkcji \u201cpodobni odbiorcy\u201d w Google Ads, aby m\u00f3c kierowa\u0107 reklamy do odbiorc\u00f3w podobnych do u\u017cytkownik\u00f3w naszej witryny. Do wy\u015bwietlania reklam na podstawie wcze\u015bniejszych odwiedzin u\u017cytkownika u\u017cywamy plik\u00f3w cookies. U\u017cytkownicy mog\u0105 wy\u0142\u0105czy\u0107 pliki cookie zgodnie z instrukcj\u0105 u\u017cywanej przez siebie przegl\u0105darki przegl\u0105darki.<\/span><\/span>\r\n<h3 style=\"text-align: center;\"><b>Zakres obowi\u0105zywania polityki prywatno\u015bci<\/b><\/h3>\r\n<span style=\"font-family: Times New Roman, serif;\"><span style=\"font-size: medium;\">Polityka prywatno\u015bci dotyczy us\u0142ug \u015bwiadczonych w ramach witryny internetowej https:\/\/fundacjapelnaciepla.org\/. Na innych stronach internetowych, obowi\u0105zuj\u0105 zasady ustanowione przez ich administrator\u00f3w.<\/span><\/span>\r\n<h3 style=\"text-align: center;\"><b>Zmiana polityki prywatno\u015bci<\/b><\/h3>\r\n<span style=\"font-family: Times New Roman, serif;\"><span style=\"font-size: medium;\">Zastrzegamy sobie prawo zmiany niniejszej polityki prywatno\u015bci, w przypadku istotnych przyczyn zewn\u0119trznych (np. zmiany przepis\u00f3w prawa). Aktualnie obowi\u0105zuj\u0105ca wersja polityki prywatno\u015bci jest dost\u0119pna zawsze pod adresem https:\/\/fundacjapelnaciepla.org\/polityka-prywatnosci\/<\/span><\/span>\r\n<h3 style=\"text-align: center;\"><b>Dane administratora Serwisu<\/b><\/h3>\r\n<p style=\"text-align: center;\"><span style=\"font-family: Times New Roman, serif;\"><span style=\"font-size: medium;\">Pytania i w\u0105tpliwo\u015bci w zakresie polityki prywatno\u015bci u\u017cytkownicy strony mog\u0105 zg\u0142asza\u0107 poprzez adres email<\/span><\/span><\/p>\r\n<p style=\"text-align: center;\"><strong>Fundacja Pe\u0142na Ciep\u0142a<\/strong><\/p>\r\n<p style=\"text-align: center;\"><span style=\"font-family: Times New Roman, serif;\"><span style=\"font-size: medium;\">ul. Grodzka nr 10 lok. 2, 70-560 Szczecin<\/span><\/span><\/p>\r\n<p style=\"text-align: center;\"><span style=\"font-family: Times New Roman, serif;\"><span style=\"font-size: medium;\"><strong>NIP<\/strong> 8513219860 <strong>REGON<\/strong> 369443622<\/span><\/span> <span style=\"font-family: Times New Roman, serif;\"><span style=\"font-size: medium;\"><strong>KRS<\/strong> 0000717742<\/span><\/span><\/p>\r\n<p style=\"text-align: center;\"><span style=\"font-family: Times New Roman, serif;\"><span style=\"font-size: medium;\">e mail: <a href=\"mailto:biuro@fundacjapelnaciepla.org\">biuro@fundacjapelnaciepla.org<\/a><\/span><\/span>\u00a0<span style=\"font-family: Times New Roman, serif;\"><span style=\"font-size: medium;\">telefon: <a href=\"tel:+48693110250\">(+48) 693 110 250<\/a><\/span><\/span><\/p>\r\n&nbsp;","_pl_post_name":"polityka-prywatnosci","_pl_post_excerpt":"","_pl_post_title":"Polityka prywatno\u015bci","_en_post_content":"","_en_post_name":"","_en_post_excerpt":"","_en_post_title":"","edit_language":"en"},"_links":{"self":[{"href":"https:\/\/fundacjapelnaciepla.org\/wp-json\/wp\/v2\/pages\/307"}],"collection":[{"href":"https:\/\/fundacjapelnaciepla.org\/wp-json\/wp\/v2\/pages"}],"about":[{"href":"https:\/\/fundacjapelnaciepla.org\/wp-json\/wp\/v2\/types\/page"}],"author":[{"embeddable":true,"href":"https:\/\/fundacjapelnaciepla.org\/wp-json\/wp\/v2\/users\/3"}],"replies":[{"embeddable":true,"href":"https:\/\/fundacjapelnaciepla.org\/wp-json\/wp\/v2\/comments?post=307"}],"version-history":[{"count":23,"href":"https:\/\/fundacjapelnaciepla.org\/wp-json\/wp\/v2\/pages\/307\/revisions"}],"predecessor-version":[{"id":628,"href":"https:\/\/fundacjapelnaciepla.org\/wp-json\/wp\/v2\/pages\/307\/revisions\/628"}],"wp:attachment":[{"href":"https:\/\/fundacjapelnaciepla.org\/wp-json\/wp\/v2\/media?parent=307"}],"curies":[{"name":"wp","href":"https:\/\/api.w.org\/{rel}","templated":true}]}}